{"id":7854,"date":"2024-09-09T10:27:10","date_gmt":"2024-09-09T08:27:10","guid":{"rendered":"https:\/\/groupeidec-international.com\/carrieres\/"},"modified":"2024-12-05T10:37:19","modified_gmt":"2024-12-05T09:37:19","slug":"carriera","status":"publish","type":"page","link":"https:\/\/groupeidec-international.com\/it\/carriera\/","title":{"rendered":"Carriera"},"content":{"rendered":"[vc_row type=&#8221;full_width_background&#8221; full_screen_row_position=&#8221;middle&#8221; column_margin=&#8221;default&#8221; column_direction=&#8221;default&#8221; column_direction_tablet=&#8221;default&#8221; column_direction_phone=&#8221;default&#8221; bg_color=&#8221;#1c4560&#8243; bg_image=&#8221;648&#8243; bg_position=&#8221;center center&#8221; background_image_loading=&#8221;default&#8221; bg_repeat=&#8221;no-repeat&#8221; scene_position=&#8221;center&#8221; top_padding=&#8221;6%&#8221; bottom_padding=&#8221;2%&#8221; text_color=&#8221;light&#8221; text_align=&#8221;left&#8221; row_border_radius=&#8221;none&#8221; row_border_radius_applies=&#8221;bg&#8221; overflow=&#8221;visible&#8221; enable_gradient=&#8221;true&#8221; color_overlay=&#8221;#11203d&#8221; color_overlay_2=&#8221;rgba(28,69,96,0.8)&#8221; overlay_strength=&#8221;0.95&#8243; gradient_direction=&#8221;left_b_to_right_t&#8221; shape_divider_position=&#8221;bottom&#8221; bg_image_animation=&#8221;none&#8221; parallax_bg=&#8221;true&#8221; parallax_bg_speed=&#8221;fixed&#8221; gradient_type=&#8221;default&#8221; shape_type=&#8221;&#8221;][vc_column column_padding=&#8221;no-extra-padding&#8221; column_padding_tablet=&#8221;inherit&#8221; column_padding_phone=&#8221;inherit&#8221; column_padding_position=&#8221;all&#8221; column_element_direction_desktop=&#8221;default&#8221; column_element_spacing=&#8221;default&#8221; desktop_text_alignment=&#8221;center&#8221; tablet_text_alignment=&#8221;default&#8221; phone_text_alignment=&#8221;default&#8221; background_color_opacity=&#8221;1&#8243; background_hover_color_opacity=&#8221;1&#8243; column_backdrop_filter=&#8221;none&#8221; column_shadow=&#8221;none&#8221; column_border_radius=&#8221;none&#8221; column_link_target=&#8221;_self&#8221; column_position=&#8221;default&#8221; gradient_direction=&#8221;left_to_right&#8221; overlay_strength=&#8221;0.3&#8243; width=&#8221;1\/1&#8243; tablet_width_inherit=&#8221;default&#8221; animation_type=&#8221;default&#8221; bg_image_animation=&#8221;none&#8221; border_type=&#8221;simple&#8221; column_border_width=&#8221;none&#8221; column_border_style=&#8221;solid&#8221; column_padding_type=&#8221;default&#8221; gradient_type=&#8221;default&#8221;][divider line_type=&#8221;No Line&#8221; custom_height=&#8221;10vh&#8221;][split_line_heading animation_type=&#8221;line-reveal-by-space&#8221; font_style=&#8221;h1&#8243; line_reveal_by_space_text_effect=&#8221;none&#8221; content_alignment=&#8221;default&#8221; mobile_content_alignment=&#8221;inherit&#8221; link_target=&#8221;_self&#8221; text_content=&#8221;<strong>FORMIAMOCI INSIEME <\/strong><br \/>\nL&#8217;IMMOBILE DI DOMANI&#8221; text_direction=&#8221;default&#8221;][\/split_line_heading][divider line_type=&#8221;No Line&#8221; custom_height=&#8221;30px&#8221;][vc_row_inner disable_element=&#8221;yes&#8221; column_margin=&#8221;default&#8221; column_direction=&#8221;default&#8221; column_direction_tablet=&#8221;default&#8221; column_direction_phone=&#8221;default&#8221; text_align=&#8221;left&#8221; row_position=&#8221;default&#8221; row_position_tablet=&#8221;inherit&#8221; row_position_phone=&#8221;inherit&#8221; overflow=&#8221;visible&#8221; pointer_events=&#8221;all&#8221;][vc_column_inner column_padding=&#8221;no-extra-padding&#8221; column_padding_tablet=&#8221;inherit&#8221; column_padding_phone=&#8221;inherit&#8221; column_padding_position=&#8221;all&#8221; column_element_direction_desktop=&#8221;default&#8221; column_element_spacing=&#8221;default&#8221; desktop_text_alignment=&#8221;default&#8221; tablet_text_alignment=&#8221;default&#8221; phone_text_alignment=&#8221;default&#8221; background_color_opacity=&#8221;1&#8243; background_hover_color_opacity=&#8221;1&#8243; column_backdrop_filter=&#8221;none&#8221; column_shadow=&#8221;none&#8221; column_border_radius=&#8221;none&#8221; column_link_target=&#8221;_self&#8221; overflow=&#8221;visible&#8221; gradient_direction=&#8221;left_to_right&#8221; overlay_strength=&#8221;0.3&#8243; width=&#8221;1\/6&#8243; tablet_width_inherit=&#8221;default&#8221; animation_type=&#8221;default&#8221; bg_image_animation=&#8221;none&#8221; border_type=&#8221;simple&#8221; column_border_width=&#8221;none&#8221; column_border_style=&#8221;solid&#8221;][\/vc_column_inner][vc_column_inner column_padding=&#8221;no-extra-padding&#8221; column_padding_tablet=&#8221;inherit&#8221; column_padding_phone=&#8221;inherit&#8221; column_padding_position=&#8221;all&#8221; column_element_direction_desktop=&#8221;default&#8221; column_element_spacing=&#8221;default&#8221; desktop_text_alignment=&#8221;default&#8221; tablet_text_alignment=&#8221;default&#8221; phone_text_alignment=&#8221;default&#8221; background_color_opacity=&#8221;1&#8243; background_hover_color_opacity=&#8221;1&#8243; column_backdrop_filter=&#8221;none&#8221; column_shadow=&#8221;none&#8221; column_border_radius=&#8221;none&#8221; column_link_target=&#8221;_self&#8221; overflow=&#8221;visible&#8221; gradient_direction=&#8221;left_to_right&#8221; overlay_strength=&#8221;0.3&#8243; width=&#8221;2\/3&#8243; tablet_width_inherit=&#8221;default&#8221; animation_type=&#8221;default&#8221; bg_image_animation=&#8221;none&#8221; border_type=&#8221;simple&#8221; column_border_width=&#8221;none&#8221; column_border_style=&#8221;solid&#8221;][vc_column_text text_direction=&#8221;default&#8221;]Entrare a far parte del GROUPE IDEC INTERNATIONAL significa cogliere l&#8217;opportunit\u00e0 di crescere in un ambiente dinamico, multiculturale, innovativo e aperto al mondo. In qualit\u00e0 di sviluppatore, progettista, costruttore, investitore e creatore di soluzioni energetiche per progetti immobiliari industriali e logistici, offriamo ai nostri dipendenti numerose prospettive di carriera, accesso a progetti di livello mondiale e numerose opportunit\u00e0 di sviluppo professionale.[\/vc_column_text][divider line_type=&#8221;No Line&#8221; custom_height=&#8221;30px&#8221;][vc_column_text text_direction=&#8221;default&#8221;]<span style=\"color: #af8d64;\"><strong>SCOPRI LE NOSTRE OFFERTE<\/strong><\/span>[\/vc_column_text][nectar_icon icon_family=&#8221;linea&#8221; icon_style=&#8221;default&#8221; icon_color_type=&#8221;color_scheme&#8221; icon_color=&#8221;Accent-Color&#8221; icon_padding=&#8221;0px&#8221; pointer_events=&#8221;all&#8221; icon_linea=&#8221;icon-arrows-down&#8221; url=&#8221;#offres&#8221;][\/vc_column_inner][vc_column_inner column_padding=&#8221;no-extra-padding&#8221; column_padding_tablet=&#8221;inherit&#8221; column_padding_phone=&#8221;inherit&#8221; column_padding_position=&#8221;all&#8221; column_element_direction_desktop=&#8221;default&#8221; column_element_spacing=&#8221;default&#8221; desktop_text_alignment=&#8221;default&#8221; tablet_text_alignment=&#8221;default&#8221; phone_text_alignment=&#8221;default&#8221; background_color_opacity=&#8221;1&#8243; background_hover_color_opacity=&#8221;1&#8243; column_backdrop_filter=&#8221;none&#8221; column_shadow=&#8221;none&#8221; column_border_radius=&#8221;none&#8221; column_link_target=&#8221;_self&#8221; overflow=&#8221;visible&#8221; gradient_direction=&#8221;left_to_right&#8221; overlay_strength=&#8221;0.3&#8243; width=&#8221;1\/6&#8243; tablet_width_inherit=&#8221;default&#8221; animation_type=&#8221;default&#8221; bg_image_animation=&#8221;none&#8221; border_type=&#8221;simple&#8221; column_border_width=&#8221;none&#8221; column_border_style=&#8221;solid&#8221;][\/vc_column_inner][\/vc_row_inner][divider line_type=&#8221;No Line&#8221; custom_height=&#8221;6vh&#8221;][vc_column_text text_direction=&#8221;default&#8221; el_class=&#8221;fil-ariane&#8221;]<span><span><a href=\"https:\/\/groupeidec-international.com\/it\/\">Home page<\/a><\/span><\/span>[\/vc_column_text][\/vc_column][\/vc_row][vc_row type=&#8221;full_width_background&#8221; full_screen_row_position=&#8221;middle&#8221; column_margin=&#8221;60px&#8221; equal_height=&#8221;yes&#8221; content_placement=&#8221;top&#8221; column_direction=&#8221;default&#8221; column_direction_tablet=&#8221;default&#8221; column_direction_phone=&#8221;default&#8221; scene_position=&#8221;center&#8221; top_padding=&#8221;5%&#8221; bottom_padding=&#8221;5%&#8221; top_padding_phone=&#8221;10%&#8221; bottom_padding_phone=&#8221;10%&#8221; text_color=&#8221;dark&#8221; text_align=&#8221;left&#8221; row_border_radius=&#8221;none&#8221; row_border_radius_applies=&#8221;bg&#8221; overflow=&#8221;visible&#8221; id=&#8221;offres&#8221; disable_element=&#8221;yes&#8221; enable_gradient=&#8221;true&#8221; color_overlay=&#8221;#f4f4f4&#8243; color_overlay_2=&#8221;#ffffff&#8221; overlay_strength=&#8221;0.8&#8243; gradient_direction=&#8221;top_to_bottom&#8221; shape_divider_position=&#8221;bottom&#8221; bg_image_animation=&#8221;none&#8221; gradient_type=&#8221;default&#8221; shape_type=&#8221;&#8221;][vc_column column_padding=&#8221;padding-4-percent&#8221; column_padding_tablet=&#8221;inherit&#8221; column_padding_phone=&#8221;inherit&#8221; column_padding_position=&#8221;all&#8221; column_element_direction_desktop=&#8221;default&#8221; column_element_spacing=&#8221;default&#8221; desktop_text_alignment=&#8221;default&#8221; tablet_text_alignment=&#8221;default&#8221; phone_text_alignment=&#8221;default&#8221; background_color=&#8221;#ffffff&#8221; background_color_opacity=&#8221;1&#8243; background_hover_color_opacity=&#8221;1&#8243; column_backdrop_filter=&#8221;none&#8221; column_shadow=&#8221;medium_depth&#8221; column_border_radius=&#8221;10px&#8221; column_link_target=&#8221;_self&#8221; column_position=&#8221;default&#8221; el_class=&#8221;etapes&#8221; gradient_direction=&#8221;left_to_right&#8221; overlay_strength=&#8221;0.3&#8243; width=&#8221;1\/2&#8243; tablet_width_inherit=&#8221;default&#8221; animation_type=&#8221;default&#8221; bg_image_animation=&#8221;none&#8221; border_type=&#8221;simple&#8221; column_border_width=&#8221;none&#8221; column_border_style=&#8221;solid&#8221; column_padding_type=&#8221;default&#8221; gradient_type=&#8221;default&#8221;][split_line_heading animation_type=&#8221;line-reveal-by-space&#8221; font_style=&#8221;h2&#8243; text_color=&#8221;#1c4560&#8243; line_reveal_by_space_text_effect=&#8221;none&#8221; content_alignment=&#8221;default&#8221; mobile_content_alignment=&#8221;inherit&#8221; link_target=&#8221;_self&#8221; text_content=&#8221;Offerta di lavoro<br \/>\n<strong>DIRETTORE DI SVILUPPO<\/strong>&#8221; text_direction=&#8221;default&#8221;][\/split_line_heading][divider line_type=&#8221;Small Line&#8221; line_alignment=&#8221;default&#8221; line_thickness=&#8221;1&#8243; divider_color=&#8221;accent-color&#8221; custom_line_width=&#8221;80&#8243;][divider line_type=&#8221;No Line&#8221; custom_height=&#8221;20px&#8221;][vc_column_text css=&#8221;.vc_custom_1725884893443{margin-bottom: 0px !important;}&#8221; text_direction=&#8221;default&#8221;]\n<h3><strong>PAESE<\/strong><\/h3>\n<p>SPAGNA<\/p>\n<h3><strong>OBIETTIVI<\/strong><\/h3>\n<p>Il\/la Direttore di Sviluppo sar\u00e0 sotto la responsabilit\u00e0 del Direttore dell&#8217;attivit\u00e0 e avr\u00e0 i seguenti obiettivi:<\/p>\n<ol>\n<li>Collaborare con il team Commerciale e di Marketing &amp; Comunicazione con sede in Francia.<\/li>\n<li>Definire e implementare un piano d&#8217;azione commerciale per vendere tutti i parchi esistenti e futuri.<\/li>\n<li>Trovare terreni per sviluppare l&#8217;attivit\u00e0 di IDEC IBERICA.<\/li>\n<li>Definire e implementare gli strumenti di comunicazione e marketing appropriati per tali sviluppi.<\/li>\n<\/ol>\n[\/vc_column_text][divider line_type=&#8221;No Line&#8221; custom_height=&#8221;40px&#8221;][nectar_btn size=&#8221;small&#8221; button_style=&#8221;see-through-2&#8243; color_override=&#8221;#af8d64&#8243; hover_text_color_override=&#8221;#ffffff&#8221; icon_family=&#8221;none&#8221; text=&#8221;Scoprire la pubblicit\u00e0&#8221; url=&#8221;\/it\/carriera\/offerta-del-direttore-dello-sviluppo\/&#8221;][\/vc_column][vc_column column_padding=&#8221;padding-4-percent&#8221; column_padding_tablet=&#8221;inherit&#8221; column_padding_phone=&#8221;inherit&#8221; column_padding_position=&#8221;all&#8221; column_element_direction_desktop=&#8221;default&#8221; column_element_spacing=&#8221;default&#8221; desktop_text_alignment=&#8221;default&#8221; tablet_text_alignment=&#8221;default&#8221; phone_text_alignment=&#8221;default&#8221; background_color=&#8221;#ffffff&#8221; background_color_opacity=&#8221;1&#8243; background_hover_color_opacity=&#8221;1&#8243; column_backdrop_filter=&#8221;none&#8221; column_shadow=&#8221;medium_depth&#8221; column_border_radius=&#8221;10px&#8221; column_link_target=&#8221;_self&#8221; column_position=&#8221;default&#8221; gradient_direction=&#8221;left_to_right&#8221; overlay_strength=&#8221;0.3&#8243; width=&#8221;1\/2&#8243; tablet_width_inherit=&#8221;default&#8221; animation_type=&#8221;default&#8221; bg_image_animation=&#8221;none&#8221; border_type=&#8221;simple&#8221; column_border_width=&#8221;none&#8221; column_border_style=&#8221;solid&#8221; column_padding_type=&#8221;default&#8221; gradient_type=&#8221;default&#8221;][split_line_heading animation_type=&#8221;line-reveal-by-space&#8221; font_style=&#8221;h2&#8243; text_color=&#8221;#1c4560&#8243; line_reveal_by_space_text_effect=&#8221;none&#8221; content_alignment=&#8221;default&#8221; mobile_content_alignment=&#8221;inherit&#8221; link_target=&#8221;_self&#8221; text_content=&#8221;Offerta di lavoro<br \/>\n<strong>Responsabile dello sviluppo<\/strong>&#8221; text_direction=&#8221;default&#8221;][\/split_line_heading][divider line_type=&#8221;Small Line&#8221; line_alignment=&#8221;default&#8221; line_thickness=&#8221;1&#8243; divider_color=&#8221;accent-color&#8221; custom_line_width=&#8221;80&#8243;][divider line_type=&#8221;No Line&#8221; custom_height=&#8221;20px&#8221;][vc_column_text css=&#8221;.vc_custom_1725884952359{margin-bottom: 0px !important;}&#8221; text_direction=&#8221;default&#8221;]\n<h3><strong>PAESE<\/strong><\/h3>\n<p>SPAGNA<\/p>\n<h3><strong>OBIETTIVI<\/strong><\/h3>\n<p>Il\/la Responsabile dello sviluppo sar\u00e0 sotto la responsabilit\u00e0 del Direttore dell&#8217;attivit\u00e0 e avr\u00e0 i seguenti obiettivi:<\/p>\n<ol>\n<li>Partendo dai terreni identificati, realizzarne la fattibilit\u00e0 tecnica, grafica, ambientale, giuridica e finanziaria affinch\u00e9 la direzione possa decidere se avviare o meno l&#8217;operazione.<\/li>\n<li>Rispondere alle gare d&#8217;appalto di sviluppatori e\/o promotori pubblici o privati.<\/li>\n<\/ol>\n[\/vc_column_text][divider line_type=&#8221;No Line&#8221; custom_height=&#8221;40px&#8221;][nectar_btn size=&#8221;small&#8221; button_style=&#8221;see-through-2&#8243; color_override=&#8221;#af8d64&#8243; hover_text_color_override=&#8221;#ffffff&#8221; icon_family=&#8221;none&#8221; text=&#8221;Scoprire la pubblicit\u00e0&#8221; url=&#8221;\/it\/carriera\/offerta-del-responsabile-dello-sviluppo\/&#8221;][\/vc_column][\/vc_row][vc_row type=&#8221;full_width_background&#8221; full_screen_row_position=&#8221;middle&#8221; column_margin=&#8221;60px&#8221; equal_height=&#8221;yes&#8221; content_placement=&#8221;top&#8221; column_direction=&#8221;default&#8221; column_direction_tablet=&#8221;default&#8221; column_direction_phone=&#8221;default&#8221; scene_position=&#8221;center&#8221; top_padding=&#8221;5%&#8221; bottom_padding=&#8221;5%&#8221; top_padding_phone=&#8221;10%&#8221; bottom_padding_phone=&#8221;10%&#8221; text_color=&#8221;dark&#8221; text_align=&#8221;left&#8221; row_border_radius=&#8221;none&#8221; row_border_radius_applies=&#8221;bg&#8221; overflow=&#8221;visible&#8221; id=&#8221;offres&#8221; enable_gradient=&#8221;true&#8221; color_overlay=&#8221;#f4f4f4&#8243; color_overlay_2=&#8221;#ffffff&#8221; overlay_strength=&#8221;0.8&#8243; gradient_direction=&#8221;top_to_bottom&#8221; shape_divider_position=&#8221;bottom&#8221; bg_image_animation=&#8221;none&#8221; gradient_type=&#8221;default&#8221; shape_type=&#8221;&#8221;][vc_column column_padding=&#8221;padding-4-percent&#8221; column_padding_tablet=&#8221;inherit&#8221; column_padding_phone=&#8221;inherit&#8221; column_padding_position=&#8221;all&#8221; column_element_direction_desktop=&#8221;default&#8221; column_element_spacing=&#8221;default&#8221; desktop_text_alignment=&#8221;default&#8221; tablet_text_alignment=&#8221;default&#8221; phone_text_alignment=&#8221;default&#8221; background_color=&#8221;#ffffff&#8221; background_color_opacity=&#8221;1&#8243; background_hover_color_opacity=&#8221;1&#8243; column_backdrop_filter=&#8221;none&#8221; column_shadow=&#8221;medium_depth&#8221; column_border_radius=&#8221;10px&#8221; column_link_target=&#8221;_self&#8221; column_position=&#8221;default&#8221; el_class=&#8221;etapes&#8221; gradient_direction=&#8221;left_to_right&#8221; overlay_strength=&#8221;0.3&#8243; width=&#8221;1\/2&#8243; tablet_width_inherit=&#8221;default&#8221; animation_type=&#8221;default&#8221; bg_image_animation=&#8221;none&#8221; border_type=&#8221;simple&#8221; column_border_width=&#8221;none&#8221; column_border_style=&#8221;solid&#8221; column_padding_type=&#8221;default&#8221; gradient_type=&#8221;default&#8221;][split_line_heading animation_type=&#8221;line-reveal-by-space&#8221; font_style=&#8221;h2&#8243; text_color=&#8221;#1c4560&#8243; line_reveal_by_space_text_effect=&#8221;none&#8221; content_alignment=&#8221;default&#8221; mobile_content_alignment=&#8221;inherit&#8221; link_target=&#8221;_self&#8221; text_content=&#8221;Vai a<br \/>\n<strong>Le nostre offerte di lavoro<\/strong>&#8221; text_direction=&#8221;default&#8221;][\/split_line_heading][divider line_type=&#8221;Small Line&#8221; line_alignment=&#8221;default&#8221; line_thickness=&#8221;1&#8243; divider_color=&#8221;accent-color&#8221; custom_line_width=&#8221;80&#8243;][divider line_type=&#8221;No Line&#8221; custom_height=&#8221;20px&#8221;][nectar_btn size=&#8221;small&#8221; button_style=&#8221;see-through-2&#8243; color_override=&#8221;#af8d64&#8243; hover_text_color_override=&#8221;#ffffff&#8221; icon_family=&#8221;none&#8221; text=&#8221;Offerte di lavoro&#8221; url=&#8221;\/it\/carriera\/le-nostre-offerte-di-lavoro\/&#8221;][\/vc_column][vc_column column_padding=&#8221;padding-4-percent&#8221; column_padding_tablet=&#8221;inherit&#8221; column_padding_phone=&#8221;inherit&#8221; column_padding_position=&#8221;all&#8221; column_element_direction_desktop=&#8221;default&#8221; column_element_spacing=&#8221;default&#8221; desktop_text_alignment=&#8221;default&#8221; tablet_text_alignment=&#8221;default&#8221; phone_text_alignment=&#8221;default&#8221; background_color=&#8221;#ffffff&#8221; background_color_opacity=&#8221;1&#8243; background_hover_color_opacity=&#8221;1&#8243; column_backdrop_filter=&#8221;none&#8221; column_shadow=&#8221;medium_depth&#8221; column_border_radius=&#8221;10px&#8221; column_link_target=&#8221;_self&#8221; column_position=&#8221;default&#8221; gradient_direction=&#8221;left_to_right&#8221; overlay_strength=&#8221;0.3&#8243; width=&#8221;1\/2&#8243; tablet_width_inherit=&#8221;default&#8221; animation_type=&#8221;default&#8221; bg_image_animation=&#8221;none&#8221; border_type=&#8221;simple&#8221; column_border_width=&#8221;none&#8221; column_border_style=&#8221;solid&#8221; column_padding_type=&#8221;default&#8221; gradient_type=&#8221;default&#8221;][split_line_heading animation_type=&#8221;line-reveal-by-space&#8221; font_style=&#8221;h2&#8243; text_color=&#8221;#1c4560&#8243; line_reveal_by_space_text_effect=&#8221;none&#8221; content_alignment=&#8221;default&#8221; mobile_content_alignment=&#8221;inherit&#8221; link_target=&#8221;_self&#8221; text_content=&#8221;Candidati<br \/>\n<strong>Candidatura spontanea<\/strong>&#8221; text_direction=&#8221;default&#8221;][\/split_line_heading][divider line_type=&#8221;Small Line&#8221; line_alignment=&#8221;default&#8221; line_thickness=&#8221;1&#8243; divider_color=&#8221;accent-color&#8221; custom_line_width=&#8221;80&#8243;][divider line_type=&#8221;No Line&#8221; custom_height=&#8221;20px&#8221;][nectar_btn size=&#8221;small&#8221; button_style=&#8221;see-through-2&#8243; color_override=&#8221;#af8d64&#8243; hover_text_color_override=&#8221;#ffffff&#8221; icon_family=&#8221;none&#8221; text=&#8221;Per candidarsi&#8221; url=&#8221;\/it\/carriera\/candidatura-spontanea\/&#8221;][\/vc_column][\/vc_row]\n","protected":false},"excerpt":{"rendered":"<p>[vc_row type=&#8221;full_width_background&#8221; full_screen_row_position=&#8221;middle&#8221; column_margin=&#8221;default&#8221; column_direction=&#8221;default&#8221; column_direction_tablet=&#8221;default&#8221; column_direction_phone=&#8221;default&#8221; bg_color=&#8221;#1c4560&#8243; bg_image=&#8221;648&#8243; bg_position=&#8221;center center&#8221; background_image_loading=&#8221;default&#8221; bg_repeat=&#8221;no-repeat&#8221; scene_position=&#8221;center&#8221; top_padding=&#8221;6%&#8221; bottom_padding=&#8221;2%&#8221; text_color=&#8221;light&#8221; text_align=&#8221;left&#8221; row_border_radius=&#8221;none&#8221; row_border_radius_applies=&#8221;bg&#8221; overflow=&#8221;visible&#8221; enable_gradient=&#8221;true&#8221; color_overlay=&#8221;#11203d&#8221; color_overlay_2=&#8221;rgba(28,69,96,0.8)&#8221; overlay_strength=&#8221;0.95&#8243; gradient_direction=&#8221;left_b_to_right_t&#8221; shape_divider_position=&#8221;bottom&#8221; bg_image_animation=&#8221;none&#8221; parallax_bg=&#8221;true&#8221; parallax_bg_speed=&#8221;fixed&#8221;&#8230;<\/p>\n","protected":false},"author":1,"featured_media":0,"parent":0,"menu_order":0,"comment_status":"closed","ping_status":"closed","template":"","meta":{"footnotes":""},"class_list":["post-7854","page","type-page","status-publish"],"yoast_head":"<!-- This site is optimized with the Yoast SEO plugin v27.2 - https:\/\/yoast.com\/product\/yoast-seo-wordpress\/ -->\n<title>Carriera - GROUPE IDEC INTERNATIONAL<\/title>\n<meta name=\"robots\" content=\"index, follow, max-snippet:-1, max-image-preview:large, max-video-preview:-1\" \/>\n<link rel=\"canonical\" href=\"https:\/\/groupeidec-international.com\/it\/carriera\/\" \/>\n<meta property=\"og:locale\" content=\"it_IT\" \/>\n<meta property=\"og:type\" content=\"article\" \/>\n<meta property=\"og:title\" content=\"Carriera - GROUPE IDEC INTERNATIONAL\" \/>\n<meta property=\"og:description\" content=\"[vc_row type=&#8221;full_width_background&#8221; full_screen_row_position=&#8221;middle&#8221; column_margin=&#8221;default&#8221; column_direction=&#8221;default&#8221; column_direction_tablet=&#8221;default&#8221; column_direction_phone=&#8221;default&#8221; bg_color=&#8221;#1c4560&#8243; bg_image=&#8221;648&#8243; bg_position=&#8221;center center&#8221; background_image_loading=&#8221;default&#8221; bg_repeat=&#8221;no-repeat&#8221; scene_position=&#8221;center&#8221; top_padding=&#8221;6%&#8221; bottom_padding=&#8221;2%&#8221; text_color=&#8221;light&#8221; text_align=&#8221;left&#8221; row_border_radius=&#8221;none&#8221; row_border_radius_applies=&#8221;bg&#8221; overflow=&#8221;visible&#8221; enable_gradient=&#8221;true&#8221; color_overlay=&#8221;#11203d&#8221; color_overlay_2=&#8221;rgba(28,69,96,0.8)&#8221; overlay_strength=&#8221;0.95&#8243; gradient_direction=&#8221;left_b_to_right_t&#8221; shape_divider_position=&#8221;bottom&#8221; bg_image_animation=&#8221;none&#8221; parallax_bg=&#8221;true&#8221; parallax_bg_speed=&#8221;fixed&#8221;...\" \/>\n<meta property=\"og:url\" content=\"https:\/\/groupeidec-international.com\/it\/carriera\/\" \/>\n<meta property=\"og:site_name\" content=\"GROUPE IDEC INTERNATIONAL\" \/>\n<meta property=\"article:modified_time\" content=\"2024-12-05T09:37:19+00:00\" \/>\n<meta name=\"twitter:card\" content=\"summary_large_image\" \/>\n<meta name=\"twitter:label1\" content=\"Tempo di lettura stimato\" \/>\n\t<meta name=\"twitter:data1\" content=\"2 minuti\" \/>\n<script type=\"application\/ld+json\" class=\"yoast-schema-graph\">{\"@context\":\"https:\/\/schema.org\",\"@graph\":[{\"@type\":\"WebPage\",\"@id\":\"https:\/\/groupeidec-international.com\/it\/carriera\/\",\"url\":\"https:\/\/groupeidec-international.com\/it\/carriera\/\",\"name\":\"Carriera - GROUPE IDEC INTERNATIONAL\",\"isPartOf\":{\"@id\":\"https:\/\/groupeidec-international.com\/it\/#website\"},\"datePublished\":\"2024-09-09T08:27:10+00:00\",\"dateModified\":\"2024-12-05T09:37:19+00:00\",\"breadcrumb\":{\"@id\":\"https:\/\/groupeidec-international.com\/it\/carriera\/#breadcrumb\"},\"inLanguage\":\"it-IT\",\"potentialAction\":[{\"@type\":\"ReadAction\",\"target\":[\"https:\/\/groupeidec-international.com\/it\/carriera\/\"]}]},{\"@type\":\"BreadcrumbList\",\"@id\":\"https:\/\/groupeidec-international.com\/it\/carriera\/#breadcrumb\",\"itemListElement\":[{\"@type\":\"ListItem\",\"position\":1,\"name\":\"Home page\",\"item\":\"https:\/\/groupeidec-international.com\/it\/\"},{\"@type\":\"ListItem\",\"position\":2,\"name\":\"Carriera\"}]},{\"@type\":\"WebSite\",\"@id\":\"https:\/\/groupeidec-international.com\/it\/#website\",\"url\":\"https:\/\/groupeidec-international.com\/it\/\",\"name\":\"GROUPE IDEC INTERNATIONAL\",\"description\":\"\",\"publisher\":{\"@id\":\"https:\/\/groupeidec-international.com\/it\/#organization\"},\"potentialAction\":[{\"@type\":\"SearchAction\",\"target\":{\"@type\":\"EntryPoint\",\"urlTemplate\":\"https:\/\/groupeidec-international.com\/it\/?s={search_term_string}\"},\"query-input\":{\"@type\":\"PropertyValueSpecification\",\"valueRequired\":true,\"valueName\":\"search_term_string\"}}],\"inLanguage\":\"it-IT\"},{\"@type\":\"Organization\",\"@id\":\"https:\/\/groupeidec-international.com\/it\/#organization\",\"name\":\"GROUPE IDEC INTERNATIONAL\",\"url\":\"https:\/\/groupeidec-international.com\/it\/\",\"logo\":{\"@type\":\"ImageObject\",\"inLanguage\":\"it-IT\",\"@id\":\"https:\/\/groupeidec-international.com\/it\/#\/schema\/logo\/image\/\",\"url\":\"https:\/\/groupeidec-international.com\/wp-content\/uploads\/2024\/04\/logo_groupe-idec-international_black_175x75.png\",\"contentUrl\":\"https:\/\/groupeidec-international.com\/wp-content\/uploads\/2024\/04\/logo_groupe-idec-international_black_175x75.png\",\"width\":175,\"height\":75,\"caption\":\"GROUPE IDEC INTERNATIONAL\"},\"image\":{\"@id\":\"https:\/\/groupeidec-international.com\/it\/#\/schema\/logo\/image\/\"},\"sameAs\":[\"https:\/\/www.linkedin.com\/company\/idec-group-iberica\/\"]}]}<\/script>\n<!-- \/ Yoast SEO plugin. -->","yoast_head_json":{"title":"Carriera - GROUPE IDEC INTERNATIONAL","robots":{"index":"index","follow":"follow","max-snippet":"max-snippet:-1","max-image-preview":"max-image-preview:large","max-video-preview":"max-video-preview:-1"},"canonical":"https:\/\/groupeidec-international.com\/it\/carriera\/","og_locale":"it_IT","og_type":"article","og_title":"Carriera - GROUPE IDEC INTERNATIONAL","og_description":"[vc_row type=&#8221;full_width_background&#8221; full_screen_row_position=&#8221;middle&#8221; column_margin=&#8221;default&#8221; column_direction=&#8221;default&#8221; column_direction_tablet=&#8221;default&#8221; column_direction_phone=&#8221;default&#8221; bg_color=&#8221;#1c4560&#8243; bg_image=&#8221;648&#8243; bg_position=&#8221;center center&#8221; background_image_loading=&#8221;default&#8221; bg_repeat=&#8221;no-repeat&#8221; scene_position=&#8221;center&#8221; top_padding=&#8221;6%&#8221; bottom_padding=&#8221;2%&#8221; text_color=&#8221;light&#8221; text_align=&#8221;left&#8221; row_border_radius=&#8221;none&#8221; row_border_radius_applies=&#8221;bg&#8221; overflow=&#8221;visible&#8221; enable_gradient=&#8221;true&#8221; color_overlay=&#8221;#11203d&#8221; color_overlay_2=&#8221;rgba(28,69,96,0.8)&#8221; overlay_strength=&#8221;0.95&#8243; gradient_direction=&#8221;left_b_to_right_t&#8221; shape_divider_position=&#8221;bottom&#8221; bg_image_animation=&#8221;none&#8221; parallax_bg=&#8221;true&#8221; parallax_bg_speed=&#8221;fixed&#8221;...","og_url":"https:\/\/groupeidec-international.com\/it\/carriera\/","og_site_name":"GROUPE IDEC INTERNATIONAL","article_modified_time":"2024-12-05T09:37:19+00:00","twitter_card":"summary_large_image","twitter_misc":{"Tempo di lettura stimato":"2 minuti"},"schema":{"@context":"https:\/\/schema.org","@graph":[{"@type":"WebPage","@id":"https:\/\/groupeidec-international.com\/it\/carriera\/","url":"https:\/\/groupeidec-international.com\/it\/carriera\/","name":"Carriera - GROUPE IDEC INTERNATIONAL","isPartOf":{"@id":"https:\/\/groupeidec-international.com\/it\/#website"},"datePublished":"2024-09-09T08:27:10+00:00","dateModified":"2024-12-05T09:37:19+00:00","breadcrumb":{"@id":"https:\/\/groupeidec-international.com\/it\/carriera\/#breadcrumb"},"inLanguage":"it-IT","potentialAction":[{"@type":"ReadAction","target":["https:\/\/groupeidec-international.com\/it\/carriera\/"]}]},{"@type":"BreadcrumbList","@id":"https:\/\/groupeidec-international.com\/it\/carriera\/#breadcrumb","itemListElement":[{"@type":"ListItem","position":1,"name":"Home page","item":"https:\/\/groupeidec-international.com\/it\/"},{"@type":"ListItem","position":2,"name":"Carriera"}]},{"@type":"WebSite","@id":"https:\/\/groupeidec-international.com\/it\/#website","url":"https:\/\/groupeidec-international.com\/it\/","name":"GROUPE IDEC INTERNATIONAL","description":"","publisher":{"@id":"https:\/\/groupeidec-international.com\/it\/#organization"},"potentialAction":[{"@type":"SearchAction","target":{"@type":"EntryPoint","urlTemplate":"https:\/\/groupeidec-international.com\/it\/?s={search_term_string}"},"query-input":{"@type":"PropertyValueSpecification","valueRequired":true,"valueName":"search_term_string"}}],"inLanguage":"it-IT"},{"@type":"Organization","@id":"https:\/\/groupeidec-international.com\/it\/#organization","name":"GROUPE IDEC INTERNATIONAL","url":"https:\/\/groupeidec-international.com\/it\/","logo":{"@type":"ImageObject","inLanguage":"it-IT","@id":"https:\/\/groupeidec-international.com\/it\/#\/schema\/logo\/image\/","url":"https:\/\/groupeidec-international.com\/wp-content\/uploads\/2024\/04\/logo_groupe-idec-international_black_175x75.png","contentUrl":"https:\/\/groupeidec-international.com\/wp-content\/uploads\/2024\/04\/logo_groupe-idec-international_black_175x75.png","width":175,"height":75,"caption":"GROUPE IDEC INTERNATIONAL"},"image":{"@id":"https:\/\/groupeidec-international.com\/it\/#\/schema\/logo\/image\/"},"sameAs":["https:\/\/www.linkedin.com\/company\/idec-group-iberica\/"]}]}},"_links":{"self":[{"href":"https:\/\/groupeidec-international.com\/it\/wp-json\/wp\/v2\/pages\/7854","targetHints":{"allow":["GET"]}}],"collection":[{"href":"https:\/\/groupeidec-international.com\/it\/wp-json\/wp\/v2\/pages"}],"about":[{"href":"https:\/\/groupeidec-international.com\/it\/wp-json\/wp\/v2\/types\/page"}],"author":[{"embeddable":true,"href":"https:\/\/groupeidec-international.com\/it\/wp-json\/wp\/v2\/users\/1"}],"replies":[{"embeddable":true,"href":"https:\/\/groupeidec-international.com\/it\/wp-json\/wp\/v2\/comments?post=7854"}],"version-history":[{"count":6,"href":"https:\/\/groupeidec-international.com\/it\/wp-json\/wp\/v2\/pages\/7854\/revisions"}],"predecessor-version":[{"id":8161,"href":"https:\/\/groupeidec-international.com\/it\/wp-json\/wp\/v2\/pages\/7854\/revisions\/8161"}],"wp:attachment":[{"href":"https:\/\/groupeidec-international.com\/it\/wp-json\/wp\/v2\/media?parent=7854"}],"curies":[{"name":"wp","href":"https:\/\/api.w.org\/{rel}","templated":true}]}}